{"id":201,"date":"2022-05-25T07:42:02","date_gmt":"2022-05-25T07:42:02","guid":{"rendered":"http:\/\/rifugiobenevolo.com\/info-preise\/"},"modified":"2026-01-02T17:28:56","modified_gmt":"2026-01-02T17:28:56","slug":"info-preise","status":"publish","type":"page","link":"https:\/\/rifugiobenevolo.com\/de\/info-preise\/","title":{"rendered":"Info\/preise"},"content":{"rendered":"\t\t<div data-elementor-type=\"wp-page\" data-elementor-id=\"201\" class=\"elementor elementor-201 elementor-39\" data-elementor-post-type=\"page\">\n\t\t\t\t<div class=\"elementor-element elementor-element-9f11327 e-flex e-con-boxed e-con e-parent\" data-id=\"9f11327\" data-element_type=\"container\" data-e-type=\"container\" data-settings=\"{&quot;background_background&quot;:&quot;slideshow&quot;,&quot;background_slideshow_gallery&quot;:[{&quot;id&quot;:124,&quot;url&quot;:&quot;http:\\\/\\\/rifugiobenevolo.com\\\/wp-content\\\/uploads\\\/2022\\\/05\\\/rifugio_benevolo_rhemes-notre-dame-valle-d-aosta-02.jpg&quot;},{&quot;id&quot;:133,&quot;url&quot;:&quot;http:\\\/\\\/rifugiobenevolo.com\\\/wp-content\\\/uploads\\\/2022\\\/05\\\/rifugio-benevolo-rhemes-notre-dame-gran-paradiso-valle-d-aosta-inverno_02.jpg&quot;},{&quot;id&quot;:130,&quot;url&quot;:&quot;http:\\\/\\\/rifugiobenevolo.com\\\/wp-content\\\/uploads\\\/2022\\\/05\\\/rifugio_benevolo_rhemes-notre-dame-valle-d-aosta-04.jpg&quot;},{&quot;id&quot;:127,&quot;url&quot;:&quot;http:\\\/\\\/rifugiobenevolo.com\\\/wp-content\\\/uploads\\\/2022\\\/05\\\/rifugio_benevolo_rhemes-notre-dame-valle-d-aosta-03.jpg&quot;},{&quot;id&quot;:136,&quot;url&quot;:&quot;http:\\\/\\\/rifugiobenevolo.com\\\/wp-content\\\/uploads\\\/2022\\\/05\\\/rifugio-benevolo-rhemes-notre-dame-gran-paradiso-valle-d-aosta-inverno-01.jpg&quot;}],&quot;background_slideshow_loop&quot;:&quot;yes&quot;,&quot;background_slideshow_slide_duration&quot;:5000,&quot;background_slideshow_slide_transition&quot;:&quot;fade&quot;,&quot;background_slideshow_transition_duration&quot;:500}\">\n\t\t\t\t\t<div class=\"e-con-inner\">\n\t\t\t\t\t<\/div>\n\t\t\t\t<\/div>\n\t\t<div class=\"elementor-element elementor-element-bc49d8b e-flex e-con-boxed e-con e-parent\" data-id=\"bc49d8b\" data-element_type=\"container\" data-e-type=\"container\" data-settings=\"{&quot;background_background&quot;:&quot;classic&quot;}\">\n\t\t\t\t\t<div class=\"e-con-inner\">\n\t\t\t\t<div class=\"elementor-element elementor-element-bb79d0f elementor-widget elementor-widget-heading\" data-id=\"bb79d0f\" data-element_type=\"widget\" data-e-type=\"widget\" data-widget_type=\"heading.default\">\n\t\t\t\t<div class=\"elementor-widget-container\">\n\t\t\t\t\t<h2 class=\"elementor-heading-title elementor-size-default\">INFO\/PREISE<\/h2>\t\t\t\t<\/div>\n\t\t\t\t<\/div>\n\t\t\t\t<div class=\"elementor-element elementor-element-59f0896 elementor-widget elementor-widget-text-editor\" data-id=\"59f0896\" data-element_type=\"widget\" data-e-type=\"widget\" data-widget_type=\"text-editor.default\">\n\t\t\t\t<div class=\"elementor-widget-container\">\n\t\t\t\t\t\t\t\t\t<div class=\"ipWidget ipPreviewWidget ipWidget-IpTable ipLayout-default\">\n<table>\n<tbody>\n<tr>\n<td colspan=\"5\"><strong>PREISE 2026<\/strong><\/td>\n<\/tr>\n<tr>\n<td>&nbsp;<\/td>\n<td colspan=\"2\">&nbsp;<\/td>\n<td colspan=\"2\">&nbsp;<\/td>\n<\/tr>\n<tr>\n<td>&nbsp;<\/td>\n<td>Fr\u00fchling<\/td>\n<td>Sommer<\/td>\n<td>&nbsp;<\/td>\n<td>&nbsp;<\/td>\n<\/tr>\n<tr>\n<td>Halbpension<\/td>\n<td>62,00 \u20ac<\/td>\n<td>59,00 \u20ac<\/td>\n<td>&nbsp;<\/td>\n<td>&nbsp;<\/td>\n<\/tr>\n<tr>\n<td>Bett<\/td>\n<td>25,00 \u20ac<\/td>\n<td>25,00 \u20ac<\/td>\n<td>&nbsp;<\/td>\n<td>&nbsp;<\/td>\n<\/tr>\n<tr>\n<td>&nbsp;<\/td>\n<td colspan=\"2\">&nbsp;<\/td>\n<td colspan=\"2\">&nbsp;<\/td>\n<\/tr>\n<tr>\n<td>&nbsp;<\/td>\n<td colspan=\"2\">Fr\u00fchling<\/td>\n<td colspan=\"2\">Sommer<\/td>\n<\/tr>\n<tr>\n<td>Halbpension Bergf\u00fchrer (UIAGM-UIMLA)<\/td>\n<td colspan=\"2\">49,00 \u20ac<\/td>\n<td colspan=\"2\">46,00 \u20ac<\/td>\n<\/tr>\n<tr>\n<td>Halbpension Kinder (von 8 bis 12 Jahren)<\/td>\n<td colspan=\"4\">44,00 \u20ac<\/td>\n<\/tr>\n<tr>\n<td>Halbpension Kinder (von 4 bis 7 Jahren)<\/td>\n<td colspan=\"4\">39,00 \u20ac<\/td>\n<\/tr>\n<tr>\n<td>Halbpension Kinder (von 0 bis 3 Jahren)<\/td>\n<td colspan=\"4\">gratis<\/td>\n<\/tr>\n<tr>\n<td>&nbsp;<\/td>\n<td colspan=\"4\">&nbsp;<\/td>\n<\/tr>\n<tr>\n<td>Dusche<\/td>\n<td colspan=\"4\">3,00 \u20ac<\/td>\n<\/tr>\n<\/tbody>\n<\/table>\n<\/div>\n<div class=\"ipWidget ipPreviewWidget ipWidget-IpTable ipLayout-default\">\n<table>\n<tbody>\n<tr>\n<td colspan=\"2\">LOKALE STEUER<\/td>\n<\/tr>\n<tr>\n<td>Lokale steuer 2025<\/td>\n<td>1,00 \u20ac<\/td>\n<\/tr>\n<\/tbody>\n<\/table>\n<\/div>\t\t\t\t\t\t\t\t<\/div>\n\t\t\t\t<\/div>\n\t\t\t\t<div class=\"elementor-element elementor-element-5b37743 elementor-widget elementor-widget-text-editor\" data-id=\"5b37743\" data-element_type=\"widget\" data-e-type=\"widget\" data-widget_type=\"text-editor.default\">\n\t\t\t\t<div class=\"elementor-widget-container\">\n\t\t\t\t\t\t\t\t\t<div class=\"ipWidget ipPreviewWidget ipWidget-IpTable ipLayout-default\">\n<div class=\"ipWidget ipPreviewWidget ipWidget-IpTable ipLayout-default\">\n<p>Die lokale Steuer wird bei allen Buchungen berechnet, sofern nicht Gegenteiliges vom Gesetz vorgesehen ist.<\/p>\n<p><strong>Verschiedene Infos :<\/strong><\/p>\n<p>Auf Anfrage und wenn es die Begehbarkeit der Strecke zul\u00e4sst, kann sie au\u00dferhalb der angegebenen Zeitr\u00e4ume ge\u00f6ffnet werden.<br>\nDie H\u00fctte liegt au\u00dferhalb des Nationalparks Gran Paradiso, Hunde sind deshalb an der Leine erlaubt.<br>\nEin Schlafsack ist f\u00fcr die \u00dcbernachtung Pflicht; ein Einmalschlafsack kann f\u00fcr \u20ac 4,00 in der H\u00fctte erworben werden.<\/p>\n<\/div>\n<\/div>\t\t\t\t\t\t\t\t<\/div>\n\t\t\t\t<\/div>\n\t\t\t\t\t<\/div>\n\t\t\t\t<\/div>\n\t\t\t\t<\/div>\n\t\t","protected":false},"excerpt":{"rendered":"<p>INFO\/PREISE PREISE 2026 &nbsp; &nbsp; &nbsp; &nbsp; Fr\u00fchling Sommer &nbsp; &nbsp; Halbpension 62,00 \u20ac 59,00 \u20ac &nbsp; &nbsp; Bett 25,00 \u20ac 25,00 \u20ac &nbsp; &nbsp; &nbsp; &nbsp; &nbsp; &nbsp; Fr\u00fchling Sommer Halbpension Bergf\u00fchrer (UIAGM-UIMLA) 49,00 \u20ac 46,00 \u20ac Halbpension Kinder (von 8 bis 12 Jahren) 44,00 \u20ac Halbpension Kinder (von 4 bis 7 Jahren) 39,00 [&hellip;]<\/p>\n","protected":false},"author":1,"featured_media":0,"parent":0,"menu_order":0,"comment_status":"closed","ping_status":"closed","template":"","meta":{"footnotes":""},"class_list":["post-201","page","type-page","status-publish","hentry"],"_links":{"self":[{"href":"https:\/\/rifugiobenevolo.com\/de\/wp-json\/wp\/v2\/pages\/201","targetHints":{"allow":["GET"]}}],"collection":[{"href":"https:\/\/rifugiobenevolo.com\/de\/wp-json\/wp\/v2\/pages"}],"about":[{"href":"https:\/\/rifugiobenevolo.com\/de\/wp-json\/wp\/v2\/types\/page"}],"author":[{"embeddable":true,"href":"https:\/\/rifugiobenevolo.com\/de\/wp-json\/wp\/v2\/users\/1"}],"replies":[{"embeddable":true,"href":"https:\/\/rifugiobenevolo.com\/de\/wp-json\/wp\/v2\/comments?post=201"}],"version-history":[{"count":43,"href":"https:\/\/rifugiobenevolo.com\/de\/wp-json\/wp\/v2\/pages\/201\/revisions"}],"predecessor-version":[{"id":599,"href":"https:\/\/rifugiobenevolo.com\/de\/wp-json\/wp\/v2\/pages\/201\/revisions\/599"}],"wp:attachment":[{"href":"https:\/\/rifugiobenevolo.com\/de\/wp-json\/wp\/v2\/media?parent=201"}],"curies":[{"name":"wp","href":"https:\/\/api.w.org\/{rel}","templated":true}]}}